{"id":2101,"date":"2018-06-22T13:58:34","date_gmt":"2018-06-22T11:58:34","guid":{"rendered":"https:\/\/flemingeskola.eus\/?page_id=2101"},"modified":"2024-10-18T08:47:58","modified_gmt":"2024-10-18T06:47:58","slug":"actividades-extraescolares","status":"publish","type":"page","link":"https:\/\/flemingeskola.eus\/es\/actividades-extraescolares\/","title":{"rendered":"Actividades Extraescolares"},"content":{"rendered":"<p>[et_pb_section fb_built=\u00bb1&#8243; _builder_version=\u00bb4.16&#8243; global_colors_info=\u00bb{}\u00bb][et_pb_row column_structure=\u00bb1_2,1_2&#8243; _builder_version=\u00bb4.16&#8243; background_size=\u00bbinitial\u00bb background_position=\u00bbtop_left\u00bb background_repeat=\u00bbrepeat\u00bb global_colors_info=\u00bb{}\u00bb][et_pb_column type=\u00bb1_2&#8243; _builder_version=\u00bb4.16&#8243; custom_padding=\u00bb|||\u00bb global_colors_info=\u00bb{}\u00bb custom_padding__hover=\u00bb|||\u00bb][et_pb_text _builder_version=\u00bb4.27.0&#8243; hover_enabled=\u00bb0&#8243; global_colors_info=\u00bb{}\u00bb sticky_enabled=\u00bb0&#8243;]<\/p>\n<h2>ACTIVIDADES EXTRAESCOLARES 2024-2025<\/h2>\n<p style=\"text-align: justify;\">Cada actividad ser\u00e1 semanal y su duraci\u00f3n ser\u00e1 de una hora. Para participar en estas actividades es obligatorio abonar una cuota de 30 euros de AMPA.<\/p>\n<p>[\/et_pb_text][et_pb_text _builder_version=\u00bb4.17.6&#8243; border_color_all=\u00bb#029dbc\u00bb use_border_color=\u00bbon\u00bb global_colors_info=\u00bb{}\u00bb]<\/p>\n<p>&nbsp;<\/p>\n<p style=\"text-align: center;\">Si deseas cambiar o domiciliar tu cuenta corriente ponte en contacto con AMPA en el siguiente mail<\/p>\n<p style=\"text-align: center;\"><strong>fleming.diruzaina@gmail.com<\/strong><\/p>\n<p style=\"text-align: center;\">y si no quieres domiciliar, esta es la cuenta corriente del AMPA para hacer la transferencia:<br \/><strong><br \/>RURAL KUTXA: C\/C: ES06 3008 0250 0938 8300 3125<\/strong><\/p>\n<p>&nbsp;<\/p>\n<p>[\/et_pb_text][et_pb_text _builder_version=\u00bb4.17.6&#8243; global_colors_info=\u00bb{}\u00bb]<\/p>\n<p>An\u00edmate!<\/p>\n<p>[\/et_pb_text][\/et_pb_column][et_pb_column type=\u00bb1_2&#8243; _builder_version=\u00bb4.16&#8243; custom_padding=\u00bb|||\u00bb global_colors_info=\u00bb{}\u00bb custom_padding__hover=\u00bb|||\u00bb][et_pb_image src=\u00bbhttps:\/\/flemingeskola.eus\/wp-content\/uploads\/2019\/11\/Extraescolares_Fleming_2018-2019-e1573830559175.jpg\u00bb align_tablet=\u00bbcenter\u00bb align_phone=\u00bbcenter\u00bb align_last_edited=\u00bbon|desktop\u00bb _builder_version=\u00bb4.17.6&#8243; border_width_all=\u00bb1px\u00bb border_color_all=\u00bb#029dbc\u00bb use_border_color=\u00bbon\u00bb global_colors_info=\u00bb{}\u00bb][\/et_pb_image][\/et_pb_column][\/et_pb_row][\/et_pb_section][et_pb_section fb_built=\u00bb1&#8243; _builder_version=\u00bb4.16&#8243; global_colors_info=\u00bb{}\u00bb][et_pb_row column_structure=\u00bb1_2,1_2&#8243; make_equal=\u00bbon\u00bb _builder_version=\u00bb4.17.6&#8243; background_size=\u00bbinitial\u00bb background_position=\u00bbtop_left\u00bb background_repeat=\u00bbrepeat\u00bb global_colors_info=\u00bb{}\u00bb][et_pb_column type=\u00bb1_2&#8243; _builder_version=\u00bb4.16&#8243; custom_padding=\u00bb10px|10px|10px|10px|true|true\u00bb border_width_all=\u00bb1px\u00bb border_color_all=\u00bb#a8d9ec\u00bb global_colors_info=\u00bb{}\u00bb custom_padding__hover=\u00bb|||\u00bb][et_pb_text admin_label=\u00bbPSICOMOTRICIDAD\u00bb _builder_version=\u00bb4.27.0&#8243; hover_enabled=\u00bb0&#8243; global_colors_info=\u00bb{}\u00bb sticky_enabled=\u00bb0&#8243;]<\/p>\n<h3>PSICOMOTRICIDAD<\/h3>\n<p>Un espacio donde investigar el cuerpo, sus posibilidades de movimiento y sus l\u00edmites.<\/p>\n<p>[\/et_pb_text][et_pb_image src=\u00bbhttps:\/\/flemingeskola.eus\/wp-content\/uploads\/2022\/11\/fleming_psikomotrizidadea.jpg\u00bb alt=\u00bbfleming_psikomotrizidadea\u00bb title_text=\u00bbfleming_psikomotrizidadea\u00bb align_tablet=\u00bbcenter\u00bb align_phone=\u00bbcenter\u00bb align_last_edited=\u00bbon|desktop\u00bb _builder_version=\u00bb4.19.0&#8243; width=\u00bb45%\u00bb border_width_all=\u00bb1px\u00bb border_color_all=\u00bb#029dbc\u00bb use_border_color=\u00bbon\u00bb global_colors_info=\u00bb{}\u00bb][\/et_pb_image][\/et_pb_column][et_pb_column type=\u00bb1_2&#8243; _builder_version=\u00bb4.16&#8243; custom_padding=\u00bb10px|10px|10px|10px|true|true\u00bb border_width_all=\u00bb1px\u00bb border_color_all=\u00bb#a8d9ec\u00bb global_colors_info=\u00bb{}\u00bb custom_padding__hover=\u00bb|||\u00bb][et_pb_text admin_label=\u00bbARTEA ETA SORKUNTZA\u00bb _builder_version=\u00bb4.19.0&#8243; global_colors_info=\u00bb{}\u00bb]<\/p>\n<h3>ARTE Y CREACI\u00d3N<\/h3>\n<p style=\"text-align: justify;\">Dirigido a ni\u00f1os\/as que les guste crear con la manos, desarrollar\u00e1n sus habilidades art\u00edsticas.<\/p>\n<p>[\/et_pb_text][et_pb_image src=\u00bbhttps:\/\/flemingeskola.eus\/wp-content\/uploads\/2022\/11\/fleming_artea.jpg\u00bb alt=\u00bbfleming_artea\u00bb title_text=\u00bbfleming_artea\u00bb align_tablet=\u00bbcenter\u00bb align_phone=\u00bbcenter\u00bb align_last_edited=\u00bbon|desktop\u00bb _builder_version=\u00bb4.17.6&#8243; width=\u00bb45%\u00bb border_width_all=\u00bb1px\u00bb border_color_all=\u00bb#029dbc\u00bb use_border_color=\u00bbon\u00bb global_colors_info=\u00bb{}\u00bb][\/et_pb_image][\/et_pb_column][\/et_pb_row][et_pb_row column_structure=\u00bb1_2,1_2&#8243; make_equal=\u00bbon\u00bb _builder_version=\u00bb4.17.6&#8243; background_size=\u00bbinitial\u00bb background_position=\u00bbtop_left\u00bb background_repeat=\u00bbrepeat\u00bb global_colors_info=\u00bb{}\u00bb][et_pb_column type=\u00bb1_2&#8243; _builder_version=\u00bb4.16&#8243; custom_padding=\u00bb10px|10px|10px|10px|true|true\u00bb border_width_all=\u00bb1px\u00bb border_color_all=\u00bb#a8d9ec\u00bb global_colors_info=\u00bb{}\u00bb custom_padding__hover=\u00bb|||\u00bb][et_pb_text admin_label=\u00bbGITARRA\u00bb _builder_version=\u00bb4.19.0&#8243; global_colors_info=\u00bb{}\u00bb]<\/p>\n<h3>GUITARRA<\/h3>\n<p style=\"text-align: justify;\">Para los\/las ni\u00f1os\/as que quieren empezar a aprender la guitarra.<\/p>\n<p>[\/et_pb_text][et_pb_image src=\u00bbhttps:\/\/flemingeskola.eus\/wp-content\/uploads\/2018\/06\/Kitarra_Fleming_Eskola.jpg\u00bb alt=\u00bbfleming_artea\u00bb title_text=\u00bbfleming_artea\u00bb align_tablet=\u00bbcenter\u00bb align_phone=\u00bbcenter\u00bb align_last_edited=\u00bbon|desktop\u00bb _builder_version=\u00bb4.17.6&#8243; width=\u00bb45%\u00bb border_width_all=\u00bb1px\u00bb border_color_all=\u00bb#029dbc\u00bb use_border_color=\u00bbon\u00bb global_colors_info=\u00bb{}\u00bb][\/et_pb_image][\/et_pb_column][et_pb_column type=\u00bb1_2&#8243; _builder_version=\u00bb4.16&#8243; custom_padding=\u00bb10px|10px|10px|10px|true|true\u00bb border_width_all=\u00bb1px\u00bb border_color_all=\u00bb#a8d9ec\u00bb global_colors_info=\u00bb{}\u00bb custom_padding__hover=\u00bb|||\u00bb][et_pb_text admin_label=\u00bbFUNKY\u00bb _builder_version=\u00bb4.19.0&#8243; background_size=\u00bbinitial\u00bb background_position=\u00bbtop_left\u00bb background_repeat=\u00bbrepeat\u00bb global_colors_info=\u00bb{}\u00bb]<\/p>\n<div class=\"et_pb_column et_pb_column_1_3 et_pb_column_8  et_pb_css_mix_blend_mode_passthrough\">\n<div class=\"et_pb_module et_pb_text et_pb_text_7  et_pb_text_align_left et_pb_bg_layout_light\">\n<div class=\"et_pb_text_inner\">\n<h3>FUNKY<\/h3>\n<p>L@s ni\u00f1@s, ayudados de la m\u00fasica, hacen de su movimiento corporal un baile, creando sus propias coreograf\u00edas.<\/p>\n<\/div>\n<\/div>\n<\/div>\n<p>[\/et_pb_text][et_pb_image src=\u00bbhttps:\/\/flemingeskola.eus\/wp-content\/uploads\/2018\/06\/Funky_Fleming_Eskola.jpg\u00bb align_tablet=\u00bbcenter\u00bb align_phone=\u00bbcenter\u00bb align_last_edited=\u00bbon|desktop\u00bb _builder_version=\u00bb4.17.6&#8243; background_size=\u00bbinitial\u00bb background_position=\u00bbtop_left\u00bb background_repeat=\u00bbrepeat\u00bb border_width_all=\u00bb1px\u00bb border_color_all=\u00bb#029dbc\u00bb border_style_all=\u00bbsolid\u00bb use_border_color=\u00bbon\u00bb border_color=\u00bb#029dbc\u00bb always_center_on_mobile=\u00bbon\u00bb global_colors_info=\u00bb{}\u00bb][\/et_pb_image][\/et_pb_column][\/et_pb_row][et_pb_row column_structure=\u00bb1_2,1_2&#8243; make_equal=\u00bbon\u00bb _builder_version=\u00bb4.17.6&#8243; background_size=\u00bbinitial\u00bb background_position=\u00bbtop_left\u00bb background_repeat=\u00bbrepeat\u00bb global_colors_info=\u00bb{}\u00bb][et_pb_column type=\u00bb1_2&#8243; _builder_version=\u00bb4.17.6&#8243; custom_padding=\u00bb10px|10px|10px|10px|true|true\u00bb border_width_all=\u00bb1px\u00bb border_color_all=\u00bb#a8d9ec\u00bb global_colors_info=\u00bb{}\u00bb custom_padding__hover=\u00bb|||\u00bb][et_pb_text admin_label=\u00bbANTZERKIA\u00bb _builder_version=\u00bb4.19.0&#8243; global_colors_info=\u00bb{}\u00bb]<\/p>\n<h3>TEATRO<\/h3>\n<p style=\"text-align: justify;\">El objetivo de esta actividad es que a trav\u00e9s del teatro se desarrolle de forma l\u00fadica el uso del euskera y las relaciones personales entre iguales, introduciendo a l@s ni\u00f1@s en el mundo del teatro y la actuaci\u00f3n.<\/p>\n<p>[\/et_pb_text][et_pb_image src=\u00bbhttps:\/\/flemingeskola.eus\/wp-content\/uploads\/2022\/11\/fleming_antzerkia.jpg\u00bb alt=\u00bbfleming_antzerkia\u00bb title_text=\u00bbfleming_antzerkia\u00bb align_tablet=\u00bbcenter\u00bb align_phone=\u00bbcenter\u00bb align_last_edited=\u00bbon|desktop\u00bb _builder_version=\u00bb4.17.6&#8243; width=\u00bb45%\u00bb border_width_all=\u00bb1px\u00bb border_color_all=\u00bb#029dbc\u00bb use_border_color=\u00bbon\u00bb border_color=\u00bb#029dbc\u00bb global_colors_info=\u00bb{}\u00bb][\/et_pb_image][\/et_pb_column][et_pb_column type=\u00bb1_2&#8243; _builder_version=\u00bb4.16&#8243; custom_padding=\u00bb10px|10px|10px|10px|true|true\u00bb border_width_all=\u00bb1px\u00bb border_color_all=\u00bb#a8d9ec\u00bb global_colors_info=\u00bb{}\u00bb custom_padding__hover=\u00bb|||\u00bb][et_pb_text admin_label=\u00bbXAKEA\u00bb _builder_version=\u00bb4.19.0&#8243; global_colors_info=\u00bb{}\u00bb]<\/p>\n<h3>AJEDREZ<\/h3>\n<p>Es un taller donde se trabaja la disciplina y la inteligencia de l@s ni\u00f1@s, conociendo este antiguo deporte intelectual.<\/p>\n<p>[\/et_pb_text][et_pb_image src=\u00bbhttps:\/\/flemingeskola.eus\/wp-content\/uploads\/2022\/11\/xakea.jpg\u00bb alt=\u00bbxakea\u00bb title_text=\u00bbxakea\u00bb align_tablet=\u00bbcenter\u00bb align_phone=\u00bbcenter\u00bb align_last_edited=\u00bbon|desktop\u00bb _builder_version=\u00bb4.17.6&#8243; width=\u00bb45%\u00bb border_width_all=\u00bb1px\u00bb border_color_all=\u00bb#029dbc\u00bb use_border_color=\u00bbon\u00bb border_color=\u00bb#029dbc\u00bb global_colors_info=\u00bb{}\u00bb][\/et_pb_image][\/et_pb_column][\/et_pb_row][et_pb_row _builder_version=\u00bb4.17.6&#8243; background_color=\u00bbrgba(216,234,238,0.5)\u00bb locked=\u00bboff\u00bb global_colors_info=\u00bb{}\u00bb][et_pb_column type=\u00bb4_4&#8243; _builder_version=\u00bb4.16&#8243; custom_padding=\u00bb|||\u00bb global_colors_info=\u00bb{}\u00bb custom_padding__hover=\u00bb|||\u00bb][et_pb_text _builder_version=\u00bb4.27.0&#8243; custom_padding=\u00bb10px|10px|10px|10px|true|true\u00bb hover_enabled=\u00bb0&#8243; global_colors_info=\u00bb{}\u00bb sticky_enabled=\u00bb0&#8243;]<\/p>\n<h2><strong>EDUCACI\u00d3N INFANTIL (ARROA)<\/strong><\/h2>\n<p><strong>\u00a0<\/strong><\/p>\n<table style=\"width: 708px;\" width=\"972\">\n<tbody>\n<tr>\n<td style=\"width: 368px;\" width=\"302\"><strong>ACTIVIDADES E.I. (3-5 a\u00f1os)<\/strong><\/td>\n<td style=\"width: 340px;\"><strong>CUOTAS<\/strong><\/td>\n<\/tr>\n<tr>\n<td style=\"width: 368px;\"><strong>Psicomotricidad<\/strong><br \/>(Tardes en Arroa)<\/td>\n<td style=\"width: 340px;\">12 \u20ac mensual<\/td>\n<\/tr>\n<tr>\n<td style=\"width: 368px;\"><strong>Arte y Creaci\u00f3n<br \/><\/strong>(Mediod\u00edas en Arroa)<strong><br \/><\/strong><\/td>\n<td style=\"width: 340px;\">12 \u20ac mensual<\/td>\n<\/tr>\n<\/tbody>\n<\/table>\n<p>[\/et_pb_text][\/et_pb_column][\/et_pb_row][et_pb_row _builder_version=\u00bb4.17.6&#8243; background_color=\u00bbrgba(216,234,238,0.5)\u00bb locked=\u00bboff\u00bb global_colors_info=\u00bb{}\u00bb][et_pb_column type=\u00bb4_4&#8243; _builder_version=\u00bb4.16&#8243; custom_padding=\u00bb|||\u00bb global_colors_info=\u00bb{}\u00bb custom_padding__hover=\u00bb|||\u00bb][et_pb_text _builder_version=\u00bb4.27.0&#8243; custom_padding=\u00bb10px|10px|10px|10px|true|true\u00bb hover_enabled=\u00bb0&#8243; global_colors_info=\u00bb{}\u00bb sticky_enabled=\u00bb0&#8243;]<\/p>\n<h2><strong>EDUCACI\u00d3N PRIMARIA (ARRATZAIN)<\/strong><\/h2>\n<table style=\"width: 685px; height: 434px;\">\n<tbody>\n<tr style=\"height: 24px;\">\n<td style=\"width: 368px;\" width=\"302\"><strong>ACTIVIDADES E.I. (6-11 a\u00f1os)<\/strong><\/td>\n<td style=\"width: 340px;\"><strong>CUOTAS<\/strong><\/td>\n<\/tr>\n<tr style=\"height: 24px;\">\n<td style=\"width: 342.583px; height: 24px;\"><strong>Ajedrez <\/strong>(EP 1\u00ba, 2\u00ba, 3\u00ba, 4\u00ba, 5\u00ba, 6\u00ba curso)<strong><br \/><\/strong>(Mediod\u00edas en Arratzain)<strong><br \/><\/strong><\/td>\n<td style=\"width: 326.417px; height: 24px;\">12\u20ac mensual<\/td>\n<\/tr>\n<tr style=\"height: 24px;\">\n<td style=\"width: 342.583px; height: 56px;\"><strong>Arte y creaci\u00f3n <\/strong>(EP 1\u00ba, 2\u00ba, 3\u00ba, 4\u00ba, 5\u00ba, 6\u00ba curso)<br \/>(Mediod\u00edas en Arratzain)<\/td>\n<td style=\"width: 326.417px; height: 56px;\">12\u20ac mensual<\/td>\n<\/tr>\n<tr style=\"height: 24px;\">\n<td style=\"width: 342.583px; height: 56px;\"><strong>Teatro<\/strong> (EP 1\u00ba, 2\u00ba, 3\u00ba, 4\u00ba, 5\u00ba, 6\u00ba curso)<br \/>(Mediod\u00edas en Arratzain)<\/td>\n<td style=\"width: 326.417px; height: 56px;\">12\u20ac mensual<\/td>\n<\/tr>\n<tr style=\"height: 24px;\">\n<td style=\"width: 342.583px; height: 56px;\"><strong>Funky<\/strong> (EP 4\u00ba, 5\u00ba, 6\u00ba curso)<br \/>(Mediod\u00edas en Arratzain)<\/td>\n<td style=\"width: 326.417px; height: 56px;\">12\u20ac mensual<\/td>\n<\/tr>\n<tr style=\"height: 24px;\">\n<td style=\"width: 342.583px; height: 56px;\"><strong>Guitarra<\/strong> (EP 1\u00ba, 2\u00ba, 3\u00ba, 4\u00ba, 5\u00ba, 6\u00ba curso)<br \/>(Tardes en Arroa)<\/td>\n<td style=\"width: 326.417px; height: 56px;\">12\u20ac mensual<\/td>\n<\/tr>\n<\/tbody>\n<\/table>\n<p>[\/et_pb_text][\/et_pb_column][\/et_pb_row][\/et_pb_section]<\/p>\n","protected":false},"excerpt":{"rendered":"<p>ACTIVIDADES EXTRAESCOLARES 2024-2025 Cada actividad ser\u00e1 semanal y su duraci\u00f3n ser\u00e1 de una hora. Para participar en estas actividades es obligatorio abonar una cuota de 30 euros de AMPA.&nbsp; Si deseas cambiar o domiciliar tu cuenta corriente ponte en contacto con AMPA en el siguiente mail fleming.diruzaina@gmail.com y si no quieres domiciliar, esta es la [&hellip;]<\/p>\n","protected":false},"author":1,"featured_media":0,"parent":0,"menu_order":0,"comment_status":"closed","ping_status":"closed","template":"","meta":{"_et_pb_use_builder":"on","_et_pb_old_content":"","_et_gb_content_width":"","footnotes":""},"class_list":["post-2101","page","type-page","status-publish","hentry"],"_links":{"self":[{"href":"https:\/\/flemingeskola.eus\/es\/wp-json\/wp\/v2\/pages\/2101","targetHints":{"allow":["GET"]}}],"collection":[{"href":"https:\/\/flemingeskola.eus\/es\/wp-json\/wp\/v2\/pages"}],"about":[{"href":"https:\/\/flemingeskola.eus\/es\/wp-json\/wp\/v2\/types\/page"}],"author":[{"embeddable":true,"href":"https:\/\/flemingeskola.eus\/es\/wp-json\/wp\/v2\/users\/1"}],"replies":[{"embeddable":true,"href":"https:\/\/flemingeskola.eus\/es\/wp-json\/wp\/v2\/comments?post=2101"}],"version-history":[{"count":22,"href":"https:\/\/flemingeskola.eus\/es\/wp-json\/wp\/v2\/pages\/2101\/revisions"}],"predecessor-version":[{"id":6822,"href":"https:\/\/flemingeskola.eus\/es\/wp-json\/wp\/v2\/pages\/2101\/revisions\/6822"}],"wp:attachment":[{"href":"https:\/\/flemingeskola.eus\/es\/wp-json\/wp\/v2\/media?parent=2101"}],"curies":[{"name":"wp","href":"https:\/\/api.w.org\/{rel}","templated":true}]}}